{"id":26,"date":"2025-03-17T20:12:59","date_gmt":"2025-03-17T20:12:59","guid":{"rendered":"https:\/\/stimetal.org.br\/2025\/?page_id=26"},"modified":"2025-03-19T11:42:42","modified_gmt":"2025-03-19T14:42:42","slug":"comissao-de-saude","status":"publish","type":"page","link":"https:\/\/stimetal.org.br\/2025\/comissao-de-saude\/","title":{"rendered":"Comiss\u00e3o de Sa\u00fade"},"content":{"rendered":"\t\t<div data-elementor-type=\"wp-page\" data-elementor-id=\"26\" class=\"elementor elementor-26\" data-elementor-post-type=\"page\">\n\t\t\t\t<div class=\"elementor-element elementor-element-123123f e-flex e-con-boxed e-con e-parent\" data-id=\"123123f\" data-element_type=\"container\" data-e-type=\"container\">\n\t\t\t\t\t<div class=\"e-con-inner\">\n\t\t\t\t<div class=\"elementor-element elementor-element-1ba9ad4 elementor-widget elementor-widget-heading\" data-id=\"1ba9ad4\" data-element_type=\"widget\" data-e-type=\"widget\" data-widget_type=\"heading.default\">\n\t\t\t\t<div class=\"elementor-widget-container\">\n\t\t\t\t\t<h2 class=\"elementor-heading-title elementor-size-default\">Comiss\u00e3o de Sa\u00fade<\/h2>\t\t\t\t<\/div>\n\t\t\t\t<\/div>\n\t\t\t\t<div class=\"elementor-element elementor-element-5135499 elementor-widget elementor-widget-image\" data-id=\"5135499\" data-element_type=\"widget\" data-e-type=\"widget\" data-widget_type=\"image.default\">\n\t\t\t\t<div class=\"elementor-widget-container\">\n\t\t\t\t\t\t\t\t\t\t\t\t\t\t\t<img fetchpriority=\"high\" decoding=\"async\" width=\"298\" height=\"268\" src=\"https:\/\/stimetal.org.br\/2025\/wp-content\/uploads\/2025\/03\/comissao-saude.png\" class=\"attachment-large size-large wp-image-869\" alt=\"\" \/>\t\t\t\t\t\t\t\t\t\t\t\t\t\t\t<\/div>\n\t\t\t\t<\/div>\n\t\t\t\t<div class=\"elementor-element elementor-element-558bd7c elementor-widget elementor-widget-text-editor\" data-id=\"558bd7c\" data-element_type=\"widget\" data-e-type=\"widget\" data-widget_type=\"text-editor.default\">\n\t\t\t\t<div class=\"elementor-widget-container\">\n\t\t\t\t\t\t\t\t\t<p>O objetivo fundamental da Comiss\u00e3o de Sa\u00fade do Sindicato \u00e9 atuar para a conscientiza\u00e7\u00e3o tanto dos trabalhadores como dos pr\u00f3prios empres\u00e1rios, sobre a necessidade da aplica\u00e7\u00e3o e do cumprimento das normas que tratam da Seguran\u00e7a do Trabalho e sobre os condi\u00e7\u00f5es Ambientais de Trabalho. Para tanto, a Comiss\u00e3o de Sa\u00fade edita material ilustrativo, participa de palestras nos locais de trabalho (DDS e DSS), realiza reuni\u00f5es com os trabalhadores e as CIPAS sobre o tema e realiza visitas t\u00e9cnicas nos locais de trabalho.<\/p><p>Ao mesmo tempo da aplica\u00e7\u00e3o do objetivo de conscientizar e educar, a Comiss\u00e3o analisa Atas das CIPAS, CAT`s e Laudos PCMSO e PPRA e atua realizando as Visitas T\u00e9cnicas nas Empresas pelas quais vistoria os locais de trabalho, identifica irregularidades, aponta solu\u00e7\u00e3o, cobra o cumprimento e notifica para devidas corre\u00e7\u00f5es. Caso n\u00e3o cumpridas as exig\u00eancias legais, a Comiss\u00e3o representa ao M.T.E e ao MPT pelo departamento jur\u00eddico do Sindicato.<\/p><p>Segue abaixo algumas perguntas e respostas que ajudam a ilustrar melhor o funcionamento e a atua\u00e7\u00e3o da Comiss\u00e3o de Sa\u00fade.<\/p><p><span style=\"color: #0000ff;\"><strong>Como surgiu a ideia de ser criada uma Comiss\u00e3o de Sa\u00fade ?<\/strong><\/span><\/p><p>A ideia de Constituir a Comiss\u00e3o de Sa\u00fade surgiu da necessidade de investir na defesa e prote\u00e7\u00e3o dos trabalhadores, o campo da aplica\u00e7\u00e3o das normas legais sobre Seguran\u00e7a do Trabalho e tamb\u00e9m da prote\u00e7\u00e3o \u00e0 sa\u00fade dos trabalhadores mediante o ambiente de trabalho organizado, limpo, salubre e saud\u00e1vel. Outro ponto que indicou a necessidade de constituir a Comiss\u00e3o, se refere \u00e0 enorme quantidade de trabalhadores adoecidos e vitimados por acidentes de trabalho, nos \u00faltimos anos procuraram o Sindicato para defesa dos seus interesses e direitos.<\/p><p><span style=\"color: #0000ff;\"><strong>Algum outro Sindicato no Brasil disp\u00f5e de uma Comiss\u00e3o como esta ?<\/strong><\/span><\/p><p>Possivelmente outros Sindicatos de Trabalhadores, no Brasil, tenham organismos semelhantes em funcionamento, por\u00e9m nos dias atuais n\u00e3o temos conhecimento da exist\u00eancia de nenhuma outra Comiss\u00e3o de Sa\u00fade.<\/p><p><span style=\"color: #0000ff;\"><strong>Os \u00edndices de acidentes nas empresas metal\u00fargicas de Araraquara e Regi\u00e3o dim\u00ednuiram depois da cria\u00e7\u00e3o da comiss\u00e3o de sa\u00fade ?<\/strong><\/span><\/p><p>Os indices de acidentes do trabalho no segmento metal\u00fargico t\u00eam diminu\u00eddo. \u00c9 certo, por\u00e9m, que em algum n\u00edvel est\u00e1 presente a atua\u00e7\u00e3o forte do Sindicato com a Comiss\u00e3o de Sa\u00fade no diminui\u00e7\u00e3o da ocorr\u00eancia de acidentes, especialmente porque sabem os empres\u00e1rios da seriedade desse trabalho e sabem tamb\u00e9m que org\u00e3os p\u00fablicos vinculados ao ordenamento trabalhista est\u00e3o dando total apoio nessa atividade, como \u00e9 o caso da GRTE &#8211; Minist\u00e9rio do Trabalho e do MPT &#8211; Minist\u00e9rio P\u00fablico do Trabalho. Portanto, essa preocupa\u00e7\u00e3o levada ao empres\u00e1rio tem feito com que eles cuidem com maior aten\u00e7\u00e3o da aplica\u00e7\u00e3o das Normas de Seguran\u00e7a do trabalho em suas empresas. E esta \u00e9 uma constata\u00e7\u00e3o real, que temos avaliado.<\/p><p><span style=\"color: #0000ff;\"><strong>Al\u00e9m de ajudar a prevenir acidentes e melhorar a sa\u00fade e seguran\u00e7a do trabalhador no meio ambiente de trabalho, quais benef\u00edcios a atua\u00e7\u00e3o da comiss\u00e3o de sa\u00fade pode trazer ?<\/strong><\/span><\/p><p>Em sua atua\u00e7\u00e3o a Comiss\u00e3o de Sa\u00fade tem trazido in\u00fameros benef\u00edcios aos trabalhadores metal\u00fargicos em resultado na melhor qualidade de vida no trabalho , diante da certeza da maior prote\u00e7\u00e3o; da garantia da atua\u00e7\u00e3o sindical nessa \u00e1rea; da certeza da cobran\u00e7a e da imposi\u00e7\u00e3o de responsabilidades ao empres\u00e1rio; da certeza de que o trabalhador e o pr\u00f3prio CIPEIRO nas f\u00e1bricas n\u00e3o est\u00e3o sozinhos, mas contam com a presen\u00e7a do Sindicato atrav\u00e9s da Comiss\u00e3o de Sa\u00fade. Ent\u00e3o, por exemplo, uma situa\u00e7\u00e3o de fato que o CIPEIRO n\u00e3o consegue resolver, ele chama a Comiss\u00e3o de Sa\u00fade, que abre o procedimento em rela\u00e7\u00e3o \u00e0 empresa para que a situa\u00e7\u00e3o irregular se normalize sendo corrigida.<\/p><p><span style=\"color: #0000ff;\"><strong>Como vem sendo a recep\u00e7\u00e3o da Comiss\u00e3o de Sa\u00fade em Araraquara e Regi\u00e3o ?<\/strong><\/span><\/p><p>No geral a recep\u00e7\u00e3o \u00e0 Comiss\u00e3o de Sa\u00fade e ao seu trabalho tem sido muito boa na base sindical representada (Araraquara e Am\u00e9rico Brasiliense). Os trabalhadores t\u00eam entendido esse trabalho e os empres\u00e1rios vem se conscientizando de que a Comiss\u00e3o de Sa\u00fade \u00e9 uma aliada no prop\u00f3sito de assegurar a sa\u00fade e a integridade f\u00edsica dos seus empregados. Isso resulta em melhora na qualidade das rela\u00e7\u00f5es de trabalho e, por desdobramento, em maior qualidade \u00e0 pr\u00f3pria empresa em face ao prest\u00edgio dado na prote\u00e7\u00e3o de seus trabalhadores, pois o empres\u00e1rio tem a obriga\u00e7\u00e3o e o dever legal de devolver o trabalhador saud\u00e1vel aos seus familiares, todos os dias, ap\u00f3s cada jornada de trabalho.<\/p><p><span style=\"color: #0000ff;\"><strong>Como \u00e9 feito o agendamento para as visitas t\u00e9cnicas ?<\/strong><\/span><\/p><p>Primeiramente o Sindicato entra em contato com a empresa via telefone, e em seguida formaliza visita t\u00e9cnica atrav\u00e9s de um oficio protocolado na empresa.<\/p><p><span style=\"color: #0000ff;\"><strong>Como \u00e9 o procedimento se a empresa se negar a receber o t\u00e9cnico de seguran\u00e7a ?<\/strong><\/span><\/p><p>O Sindicato entrar\u00e1 em contato com o MINIST\u00c9RIO DO TRABALHO E EMPREGO (MTE) onde ser\u00e1 agendado uma media\u00e7\u00e3o para que seja formalizada a visita t\u00e9cnica na empresa.<\/p><p><span style=\"color: #0000ff;\"><strong>Como \u00e9 feita a Visita T\u00e9cnica ?<\/strong><\/span><\/p><p>Em comum acordo entre Sindicato e Empresa, a visita t\u00e9cnica \u00e9 feita em loco com data e hora marcada. A visita \u00e9 realizada pelo t\u00e9cnico de seguran\u00e7a do Sindicato, preferencialmente acompanhado por um advogado ou dirigente sindical onde ser\u00e1 analisado tanto a documenta\u00e7\u00e3o da Empresa como (PPRA e PCMSO) quanto seguran\u00e7a, sa\u00fade e higiene do trabalho.<\/p><p><span style=\"color: #0000ff;\"><strong>A Empresa pode agendar com a Comiss\u00e3o de Sa\u00fade para fazer uma vistoria ? Qual \u00e9 o procedimento para que isso ocorra ?<\/strong><\/span><\/p><p>Sim, desde que a Empresa formalize o pedido atrav\u00e9s de oficio protocolado no Sindicato.<\/p><p><span style=\"color: #0000ff;\"><strong>Como a Comiss\u00e3o de Sa\u00fade procede se ficar comprovada uma irregularidade na Empresa ?<\/strong><\/span><\/p><p>Detectadas irregularidades, a Comiss\u00e3o de Sa\u00fade estipular\u00e1 um prazo para que as irregularidades sejam sanadas, e desde j\u00e1 deixar\u00e1 previamente agendado o retorno da visita t\u00e9cnica para o acompanhamento da adequa\u00e7\u00e3o.<\/p><p><span style=\"color: #0000ff;\"><strong>Como a Comiss\u00e3o de Sa\u00fade orienta o trabalhador ?<\/strong><\/span><\/p><p>Atrav\u00e9s de orienta\u00e7\u00e3o verbal e material did\u00e1tico formulado pelo Sindicato.<\/p><p><span style=\"color: #0000ff;\"><strong>A Comiss\u00e3o de Sa\u00fade faz palestras para orientar o trabalhador sobre riscos no meio ambiente do trabalho ?<\/strong><\/span><\/p><p>Sim, desde que a Empresa solicite aux\u00edlio a Comiss\u00e3o de Sa\u00fade.<\/p><p><span style=\"color: #0000ff;\"><strong>Atualmente quais s\u00e3o os trabalhos que mais causam acidentes fatais no Brasil ?<\/strong><\/span><\/p><p>Infelizmente por falta de condi\u00e7\u00f5es de trabalho adequadas e falta de treinamento, diversas atividades ainda lesionam muitos trabalhadores, e na maioria dos casos trazendo danos irrevers\u00edveis a sa\u00fade e a integridade f\u00edsica dos trabalhadores, mas as duas principais segundo avalia\u00e7\u00e3o do MINIST\u00c9RIO DO TRABALHO E EMPREGO (MTE) s\u00e3o trabalhos realizados em altura (NR35) e trabalho em espa\u00e7os confinados (NR33).<\/p><p><span style=\"color: #0000ff;\"><strong>Com rela\u00e7\u00e3o a sa\u00fade e seguran\u00e7a no trabalho. Na opini\u00e3o de voc\u00eas quais s\u00e3o os problemas mais frequentes nas Empresas da Araraquara e Regi\u00e3o ?<\/strong><\/span><\/p><p>Segundo avalia\u00e7\u00f5es realizadas pela Comiss\u00e3o de Sa\u00fade do Sindicato dos Metal\u00fargicos, infelizmente constatamos que a maioria das Empresas Metal\u00fargicas apenas cumpre a legisla\u00e7\u00e3o no papel, contratam uma prestadora de servi\u00e7os que na maioria dos casos elaboram o (PPRA e o PCMSO) sem sequer visitar o local de trabalho, n\u00e3o fazem nenhum tipo de avalia\u00e7\u00e3o quantitativa e n\u00e3o d\u00e1 nenhum suporte t\u00e9cnico aos trabalhadores que na maioria dos casos n\u00e3o sabem quem \u00e9 o t\u00e9cnico em seguran\u00e7a respons\u00e1vel pela empresa.<\/p><p>A Comiss\u00e3o de Sa\u00fade se re\u00fane mensalmente para debater os casos em andamento e discutir sobre aplica\u00e7\u00f5es nas condi\u00e7\u00f5es de seguran\u00e7a do trabalho que podem ser feitas nas empresas para melhorar a prote\u00e7\u00e3o \u00e0 sa\u00fade e \u00e0 integridade f\u00edsica e ps\u00edquica do trabalhador.<\/p>\t\t\t\t\t\t\t\t<\/div>\n\t\t\t\t<\/div>\n\t\t\t\t\t<\/div>\n\t\t\t\t<\/div>\n\t\t\t\t<\/div>\n\t\t","protected":false},"excerpt":{"rendered":"<p>Comiss\u00e3o de Sa\u00fade O objetivo fundamental da Comiss\u00e3o de Sa\u00fade do Sindicato \u00e9 atuar para a conscientiza\u00e7\u00e3o tanto dos trabalhadores como dos pr\u00f3prios empres\u00e1rios, sobre a necessidade da aplica\u00e7\u00e3o e do cumprimento das normas que tratam da Seguran\u00e7a do Trabalho e sobre os condi\u00e7\u00f5es Ambientais de Trabalho. Para tanto, a Comiss\u00e3o de Sa\u00fade edita material [&hellip;]<\/p>\n","protected":false},"author":1,"featured_media":0,"parent":0,"menu_order":0,"comment_status":"closed","ping_status":"closed","template":"","meta":{"footnotes":""},"class_list":["post-26","page","type-page","status-publish","hentry"],"_links":{"self":[{"href":"https:\/\/stimetal.org.br\/2025\/wp-json\/wp\/v2\/pages\/26","targetHints":{"allow":["GET"]}}],"collection":[{"href":"https:\/\/stimetal.org.br\/2025\/wp-json\/wp\/v2\/pages"}],"about":[{"href":"https:\/\/stimetal.org.br\/2025\/wp-json\/wp\/v2\/types\/page"}],"author":[{"embeddable":true,"href":"https:\/\/stimetal.org.br\/2025\/wp-json\/wp\/v2\/users\/1"}],"replies":[{"embeddable":true,"href":"https:\/\/stimetal.org.br\/2025\/wp-json\/wp\/v2\/comments?post=26"}],"version-history":[{"count":13,"href":"https:\/\/stimetal.org.br\/2025\/wp-json\/wp\/v2\/pages\/26\/revisions"}],"predecessor-version":[{"id":881,"href":"https:\/\/stimetal.org.br\/2025\/wp-json\/wp\/v2\/pages\/26\/revisions\/881"}],"wp:attachment":[{"href":"https:\/\/stimetal.org.br\/2025\/wp-json\/wp\/v2\/media?parent=26"}],"curies":[{"name":"wp","href":"https:\/\/api.w.org\/{rel}","templated":true}]}}